{"id":2134,"date":"2018-03-02T18:03:07","date_gmt":"2018-03-02T17:03:07","guid":{"rendered":"https:\/\/merkle-muenchen.de\/?page_id=2134"},"modified":"2018-03-02T18:03:07","modified_gmt":"2018-03-02T17:03:07","slug":"plasma-schneidanlagen","status":"publish","type":"page","link":"https:\/\/www.merkle-muenchen.de\/ru\/schweissgeraete\/plasma-schneidanlagen\/","title":{"rendered":"Plasma-Schneidger\u00e4t"},"content":{"rendered":"<p>[vc_row full_width=&#8221;stretch_row_content_no_spaces&#8221;][vc_column css=&#8221;.vc_custom_1516981756860{padding-right: 0px !important;padding-left: 0px !important;}&#8221;][vc_single_image image=&#8221;1932&#8243; img_size=&#8221;full&#8221; alignment=&#8221;center&#8221; el_class=&#8221;subhead-banner&#8221;][\/vc_column][\/vc_row][vc_row el_class=&#8221;sidebar&#8221;][vc_column width=&#8221;2\/3&#8243;][vc_custom_heading source=&#8221;post_title&#8221; font_container=&#8221;tag:h1|text_align:left&#8221; use_theme_fonts=&#8221;yes&#8221;][vc_column_text]<\/p>\n<h5>Die wirtschaftliche Alternative<\/h5>\n<p>[\/vc_column_text][vc_row_inner css=&#8221;.vc_custom_1519124401712{margin-right: -5px !important;margin-bottom: 0px !important;margin-left: -5px !important;}&#8221;][vc_column_inner width=&#8221;1\/3&#8243; css=&#8221;.vc_custom_1516984095766{padding-right: 5px !important;padding-left: 5px !important;}&#8221;][vc_single_image image=&#8221;2300&#8243; img_size=&#8221;230&#215;145&#8243; alignment=&#8221;center&#8221; css=&#8221;.vc_custom_1528447029065{margin-bottom: 25px !important;}&#8221;][vc_column_text]<\/p>\n<h4>C82<\/h4>\n<p>Handlich und tragbar[\/vc_column_text][\/vc_column_inner][vc_column_inner width=&#8221;1\/3&#8243; css=&#8221;.vc_custom_1516984101966{padding-right: 5px !important;padding-left: 5px !important;}&#8221;][vc_single_image image=&#8221;2301&#8243; img_size=&#8221;230&#215;145&#8243; alignment=&#8221;center&#8221; css=&#8221;.vc_custom_1528447049200{margin-bottom: 25px !important;}&#8221;][vc_column_text]<\/p>\n<h4>Funktionalit\u00e4t und Bedienkomfort<\/h4>\n<p>Mit integrierter Wasserumlauf-K\u00fchleinrichtung[\/vc_column_text][\/vc_column_inner][\/vc_row_inner][vc_column_text]<\/p>\n<h4>Die Vorteile unserer Plasma-Schneidanlagen<\/h4>\n<p>[\/vc_column_text][vc_row_inner css=&#8221;.vc_custom_1519124401712{margin-right: -5px !important;margin-bottom: 0px !important;margin-left: -5px !important;}&#8221;][vc_column_inner width=&#8221;1\/3&#8243; css=&#8221;.vc_custom_1516984095766{padding-right: 5px !important;padding-left: 5px !important;}&#8221;][vc_single_image image=&#8221;2096&#8243; img_size=&#8221;230&#215;145&#8243; alignment=&#8221;center&#8221; css=&#8221;.vc_custom_1520010015900{margin-bottom: 25px !important;}&#8221;][vc_column_text]<\/p>\n<h4>Betriebskosten<\/h4>\n<p>Durch den geringen Verbrauch ist das Plasma-Schneiden mit Druckluft ein sehr wirtschaftliches und kosteng\u00fcnstiges Verfahren.[\/vc_column_text][\/vc_column_inner][vc_column_inner width=&#8221;1\/3&#8243; css=&#8221;.vc_custom_1516984101966{padding-right: 5px !important;padding-left: 5px !important;}&#8221;][vc_single_image image=&#8221;2097&#8243; img_size=&#8221;230&#215;145&#8243; alignment=&#8221;center&#8221; css=&#8221;.vc_custom_1520010026434{margin-bottom: 25px !important;}&#8221;][vc_column_text]<\/p>\n<h4>Funktionalit\u00e4t und Bedienkomfort<\/h4>\n<p>Brenneranschluss im Seitenraum der Anlage: \u00fcbersichtlich, leicht zug\u00e4nglich, mit Sicherheitsabschaltung.[\/vc_column_text][\/vc_column_inner][\/vc_row_inner][vc_column_text]<\/p>\n<h4>Weitere Informationen<\/h4>\n<p>[\/vc_column_text][vc_column_text]Das Plasma-Schneiden mit Druckluft als Plasma gas ist eine wirtschaftliche Alternative zum Autogen-Schneiden. Mit Plasma-Schneidanlagen kann man s\u00e4mtliche elektrisch leitf\u00e4higen sowie lackierten und galvanisierten Metalle, wie z.B. Baust\u00e4hle, hochlegierte Chrom-Nickel-St\u00e4hle, s\u00e4mtliche geh\u00e4rteten und ungeh\u00e4rteten Werkzeugst\u00e4hle, Aluminium, Aluminium-Legierungen, Messing, Kupfer, Grauguss oder Titan schneiden. Plasma-Schneid anlagen finden vielf\u00e4ltige Einsatzm\u00f6glichkeiten in den Bereichen Stahlbau, Montage, Reparatur, Kfz- Sektor, etc.. Der Erfolg des Plasma-Schneidens basiert auf der Eigenschaft des Plasmastrahls (Lichtbogen), im Werkst\u00fcck einen extrem intensiven und eng begrenzten W\u00e4rmefluss zu erzeugen. Die Temperatur des Lichtbogens betr\u00e4gt dabei ca. 13.000 \u00b0C. Das Einbringen der W\u00e4rme in das Werkst\u00fcck erfolgt somit sehr schnell, so dass die seitliche W\u00e4rmeableitung im Verh\u00e4ltnis dazu gering bleibt. Durch diese W\u00e4rmekonzentration, die einer Energiestromdichte von ca. 106 W\/cm2 entspricht, entsteht eine schmale und saubere Schnittfuge. Der W\u00e4rme verzug der Werkst\u00fccke ist sehr gering. Plasma-Schnitte, die mit hoher Geschwindigkeit ausgef\u00fchrt werden und schmale Schnittfugen aufweisen, zeichnen sich aus durch:<br \/>\n\u2022 Geringen Materialverbrauch.<br \/>\n\u2022 Geringe Energiekosten.<br \/>\n\u2022 Wenig Anfall von Abfallprodukten.<br \/>\n\u2022 Niedrige Lohnkosten.<br \/>\n\u2022 Geringen Verzug.<br \/>\n[\/vc_column_text][\/vc_column][vc_column width=&#8221;1\/3&#8243; el_class=&#8221;subpage-sidebar&#8221;][vc_column_text el_class=&#8221;katalogueIcon&#8221;]<div class=\"widget_text widget-content katalogWidget\"><div class=\"textwidget custom-html-widget\"><div class=\"vc_empty_space  vc_custom_1532936281309\" style=\"height: 200px; background-image: url(https:\/\/merkle-muenchen.de\/wp-content\/uploads\/verkauf.jpg?id=2821) !important;\"><span class=\"vc_empty_space_inner\"><\/span><\/div><div class=\"wpb_text_column wpb_content_element \">\r\n\t\t<div class=\"wpb_wrapper\">\r\n\t\t\t<h4>Verkaufsteam<\/h4>\r\n<table>\r\n<tbody>\r\n<tr class=\"odd\">\r\n<td>Telefon:<\/td>\r\n<td>+49 89 8977170<\/td>\r\n<\/tr>\r\n<tr class=\"even\">\r\n<td>E-Mail:<\/td>\r\n<td>verkauf@merkle-muenchen.de<\/td>\r\n<\/tr>\r\n<\/tbody>\r\n<\/table>\r\n\t\t<\/div>\r\n\t<\/div><\/div><\/div><div class=\"widget_text widget-content katalogWidget\"><div class=\"textwidget custom-html-widget\"><ul class=\"advantages\"><li><span class=\"support-serv\">24h Notdienst<\/span><\/li><li><span class=\"transport\">Lieferservice<\/span><\/li><li><span class=\"clock\">Lange \u00d6ffnungszeiten<\/span><\/li><li><span class=\"financing\">Finanzierung<\/span><\/li><li><span class=\"hotline-service\">Schwei\u00dfkurse<\/span><\/li><\/ul><\/div><\/div><div class=\"widget_text widget-content katalogWidget\"><div class=\"textwidget custom-html-widget\"><h4 class=\"brochureTitle\"><i class=\"fas fa-file-pdf\"><\/i>Brosch\u00fcren zum Download<\/h4><span class=\"button\"><a title=\"Startseite\" href=\"https:\/\/merkle-muenchen.de\/wp-content\/uploads\/merkle_pro_mobiarc160.pdf\" target=\"_blank\" rel=\"noopener\">MobiARC 160\/164 mobil<\/a><\/span>\r\n<span class=\"button\"><a title=\"Startseite\" href=\"https:\/\/merkle-muenchen.de\/wp-content\/uploads\/merkle_mobiarc_284cel.pdf\" v>MobiARC 284cel<\/a><\/span>\r\n<span class=\"button\"><a title=\"Startseite\" href=\"https:\/\/merkle-muenchen.de\/wp-content\/uploads\/merkle_litearc180.pdf\" v>LiteARC 180<\/a><\/span><\/div><\/div><div class=\"widget_text widget-content katalogWidget\"><div class=\"textwidget custom-html-widget\"><h4 class=\"brochureTitle\"><i class=\"fas fa-file-pdf\"><\/i>Brosch\u00fcren zum Download<\/h4><span class=\"button\"><a title=\"Startseite\" href=\"https:\/\/merkle-muenchen.de\/wp-content\/uploads\/merkle_redmig.pdf\" target=\"_blank\" rel=\"noopener\">RedMIG-Brosch\u00fcre<\/a><\/span>\r\n<span class=\"button\"><a title=\"Startseite\" href=\"https:\/\/merkle-muenchen.de\/wp-content\/uploads\/merkle_compactmic.pdf\" target=\"_blank\" rel=\"noopener\">CompactMIG-Brosch\u00fcre<\/a><\/span>\r\n<span class=\"button\"><a title=\"Startseite\" href=\"https:\/\/merkle-muenchen.de\/wp-content\/uploads\/merkle_optimig.pdf\" target=\"_blank\" rel=\"noopener\">OptiMIG-Brosch\u00fcre<\/a><\/span>\r\n<span class=\"button\"><a title=\"Startseite\" href=\"https:\/\/merkle-muenchen.de\/wp-content\/uploads\/merkle_mobimig.pdf\" target=\"_blank\" rel=\"noopener\">MobiMIG-Brosch\u00fcre<\/a><\/span>\r\n<span class=\"button\"><a title=\"Startseite\" href=\"https:\/\/merkle-muenchen.de\/wp-content\/uploads\/merkle_speedmig.pdf\" target=\"_blank\" rel=\"noopener\">SpeedMIG-Brosch\u00fcre<\/a><\/span><\/div><\/div><div class=\"widget_text widget-content katalogWidget\"><div class=\"textwidget custom-html-widget\"><h4 class=\"brochureTitle\"><i class=\"fas fa-file-pdf\"><\/i>Brosch\u00fcren zum Download<\/h4><span class=\"button\"><a title=\"Startseite\" href=\"https:\/\/merkle-muenchen.de\/wp-content\/uploads\/mekle_plasma_schneideanlagen.pdf\" target=\"_blank\" rel=\"noopener\">Plasma Schneidanlagen<\/a><\/span><\/div><\/div><div class=\"widget_text widget-content katalogWidget\"><div class=\"textwidget custom-html-widget\"><h4 class=\"brochureTitle\"><i class=\"fas fa-file-pdf\"><\/i>Brosch\u00fcren zum Download<\/h4><span class=\"button\"><a title=\"Startseite\" href=\"https:\/\/merkle-muenchen.de\/wp-content\/uploads\/mekle_plasma_schneideanlagen.pdf\" target=\"_blank\" rel=\"noopener\">Plasma Schneidanlagen<\/a><\/span><\/div><\/div><div class=\"widget_text widget-content katalogWidget\"><div class=\"textwidget custom-html-widget\"><h4 class=\"brochureTitle\"><i class=\"fas fa-file-pdf\"><\/i>Brosch\u00fcren zum Download<\/h4><span class=\"button\"><a title=\"Startseite\" href=\"https:\/\/merkle-muenchen.de\/wp-content\/uploads\/merkle_mobitig.pdf\/\" target=\"_blank\" rel=\"noopener\">LiteTIG\/MobiTIG-Brosch\u00fcre<\/a><\/span>\r\n<span class=\"button\"><a title=\"Startseite\" href=\"https:\/\/merkle-muenchen.de\/wp-content\/uploads\/merkle_mobitig_180_ac_dc.pdf\" target=\"_blank\" rel=\"noopener\">MobiTIG 180 AC\/DC-Brosch\u00fcre<\/a><\/span>\r\n<span class=\"button\"><a title=\"Startseite\" href=\"https:\/\/merkle-muenchen.de\/wp-content\/uploads\/merkle_logitig.pdf\" target=\"_blank\" rel=\"noopener\">LogiTIG-Brosch\u00fcre<\/a><\/span>\r\n<span class=\"button\"><a title=\"Startseite\" href=\"https:\/\/merkle-muenchen.de\/wp-content\/uploads\/merkle_pro_insquare.pdf\" target=\"_blank\" rel=\"noopener\">Insquare-Brosch\u00fcre<\/a><\/span><\/div><\/div><div class=\"widget_text widget-content katalogWidget\"><h4 class=\"widget-title catalogIco\">Katalog als PDF<\/h4><div class=\"textwidget custom-html-widget\"><span class=\"katalogPOPUP button\">  <a title=\"Katalog \u00f6ffnen\" href=\"\/Merkle_Produkt_Katalog.pdf\" target=\"_blank\" rel=\"noopener\">Katalog \u00f6ffnen<\/a><\/span><\/div><\/div><div class=\"widget-content katalogWidget\"><h4 class=\"widget-title catalogIco\">Kontaktformular<\/h4><script type='text\/javascript' src='https:\/\/www.merkle-muenchen.de\/wp-includes\/js\/dist\/vendor\/regenerator-runtime.min.js?ver=0.13.9' id='regenerator-runtime-js'><\/script>\n<script type='text\/javascript' src='https:\/\/www.merkle-muenchen.de\/wp-includes\/js\/dist\/vendor\/wp-polyfill.min.js?ver=3.15.0' id='wp-polyfill-js'><\/script>\n<script type='text\/javascript' src='https:\/\/www.merkle-muenchen.de\/wp-includes\/js\/dist\/dom-ready.min.js?ver=392bdd43726760d1f3ca' id='wp-dom-ready-js'><\/script>\n<script type='text\/javascript' src='https:\/\/www.merkle-muenchen.de\/wp-includes\/js\/dist\/hooks.min.js?ver=4169d3cf8e8d95a3d6d5' id='wp-hooks-js'><\/script>\n<script type='text\/javascript' src='https:\/\/www.merkle-muenchen.de\/wp-includes\/js\/dist\/i18n.min.js?ver=9e794f35a71bb98672ae' id='wp-i18n-js'><\/script>\n<script type='text\/javascript' id='wp-i18n-js-after'>\nwp.i18n.setLocaleData( { 'text direction\\u0004ltr': [ 'ltr' ] } );\n<\/script>\n<script type='text\/javascript' src='https:\/\/www.merkle-muenchen.de\/wp-includes\/js\/dist\/a11y.min.js?ver=ecce20f002eda4c19664' id='wp-a11y-js'><\/script>\n<script type='text\/javascript' defer='defer' src='https:\/\/www.merkle-muenchen.de\/wp-content\/plugins\/gravityforms\/js\/jquery.json.min.js?ver=2.10.0' id='gform_json-js'><\/script>\n<script type='text\/javascript' id='gform_gravityforms-js-extra'>\n\/* <![CDATA[ *\/\nvar gf_global = {\"gf_currency_config\":{\"name\":\"Euro\",\"symbol_left\":\"\",\"symbol_right\":\"&#8364;\",\"symbol_padding\":\" \",\"thousand_separator\":\".\",\"decimal_separator\":\",\",\"decimals\":2,\"code\":\"EUR\"},\"base_url\":\"https:\\\/\\\/www.merkle-muenchen.de\\\/wp-content\\\/plugins\\\/gravityforms\",\"number_formats\":[],\"spinnerUrl\":\"https:\\\/\\\/www.merkle-muenchen.de\\\/wp-content\\\/plugins\\\/gravityforms\\\/images\\\/spinner.svg\",\"version_hash\":\"38c87dad39ac5e534ea3dc704f010115\",\"strings\":{\"newRowAdded\":\"New row added.\",\"rowRemoved\":\"Row removed\",\"formSaved\":\"The form has been saved.  The content contains the link to return and complete the form.\"}};\n\/* ]]> *\/\n<\/script>\n<script type='text\/javascript' defer='defer' src='https:\/\/www.merkle-muenchen.de\/wp-content\/plugins\/gravityforms\/js\/gravityforms.min.js?ver=2.10.0' id='gform_gravityforms-js'><\/script>\n<p class=\"gform_not_found\">Oops! We could not locate your form.<\/p><\/div><div class=\"widget_text widget-content katalogWidget\"><h4 class=\"widget-title catalogIco\">Merkle-Shop<\/h4><div class=\"textwidget custom-html-widget\"><span class=\"button\"><a class=\"popup-shop\" href=\"#\">Zum Merkle Online-Shop<\/a><\/span><\/div><\/div>[\/vc_column_text][\/vc_column][\/vc_row]<\/p>\n","protected":false},"excerpt":{"rendered":"<p>[vc_row full_width=&#8221;stretch_row_content_no_spaces&#8221;][vc_column css=&#8221;.vc_custom_1516981756860{padding-right: 0px !important;padding-left: 0px !important;}&#8221;][vc_single_image image=&#8221;1932&#8243; img_size=&#8221;full&#8221; alignment=&#8221;center&#8221; el_class=&#8221;subhead-banner&#8221;][\/vc_column][\/vc_row][vc_row el_class=&#8221;sidebar&#8221;][vc_column width=&#8221;2\/3&#8243;][vc_custom_heading source=&#8221;post_title&#8221; font_container=&#8221;tag:h1|text_align:left&#8221; use_theme_fonts=&#8221;yes&#8221;][vc_column_text] Die wirtschaftliche Alternative [\/vc_column_text][vc_row_inner css=&#8221;.vc_custom_1519124401712{margin-right: -5px !important;margin-bottom: 0px !important;margin-left: -5px !important;}&#8221;][vc_column_inner width=&#8221;1\/3&#8243; css=&#8221;.vc_custom_1516984095766{padding-right: 5px !important;padding-left: 5px !important;}&#8221;][vc_single_image image=&#8221;2300&#8243; img_size=&#8221;230&#215;145&#8243; alignment=&#8221;center&#8221; css=&#8221;.vc_custom_1528447029065{margin-bottom: 25px !important;}&#8221;][vc_column_text] C82 Handlich und tragbar[\/vc_column_text][\/vc_column_inner][vc_column_inner width=&#8221;1\/3&#8243; css=&#8221;.vc_custom_1516984101966{padding-right: 5px !important;padding-left: 5px !important;}&#8221;][vc_single_image image=&#8221;2301&#8243; img_size=&#8221;230&#215;145&#8243; alignment=&#8221;center&#8221; css=&#8221;.vc_custom_1528447049200{margin-bottom: 25px !important;}&#8221;][vc_column_text] [&hellip;]<\/p>\n","protected":false},"author":1,"featured_media":0,"parent":1795,"menu_order":0,"comment_status":"closed","ping_status":"closed","template":"","meta":[],"translation":{"provider":"WPGlobus","version":"3.0.1","language":"ru","enabled_languages":["en","es","de","fr","ru"],"languages":{"en":{"title":true,"content":true,"excerpt":false},"es":{"title":false,"content":false,"excerpt":false},"de":{"title":false,"content":false,"excerpt":false},"fr":{"title":false,"content":false,"excerpt":false},"ru":{"title":false,"content":false,"excerpt":false}}},"acf":[],"yoast_head":"<!-- This site is optimized with the Yoast SEO plugin v21.1 - https:\/\/yoast.com\/wordpress\/plugins\/seo\/ -->\n<title>Plasma-Schneidger\u00e4t - Wilhelm Merkle Schwei\u00dftechnik GmbH: merkle-muenchen.de<\/title>\n<meta name=\"robots\" content=\"index, follow, max-snippet:-1, max-image-preview:large, max-video-preview:-1\" \/>\n<link rel=\"canonical\" href=\"https:\/\/www.merkle-muenchen.de\/de\/schweissgeraete\/plasma-schneidanlagen\/\" \/>\n<meta property=\"og:locale\" content=\"ru_RU\" \/>\n<meta property=\"og:type\" content=\"article\" \/>\n<meta property=\"og:title\" content=\"Plasma-Schneidger\u00e4t - Wilhelm Merkle Schwei\u00dftechnik GmbH: merkle-muenchen.de\" \/>\n<meta property=\"og:url\" content=\"https:\/\/www.merkle-muenchen.de\/de\/schweissgeraete\/plasma-schneidanlagen\/\" \/>\n<meta property=\"og:site_name\" content=\"Wilhelm Merkle Schwei\u00dftechnik GmbH: merkle-muenchen.de\" \/>\n<meta name=\"twitter:card\" content=\"summary_large_image\" \/>\n<meta name=\"twitter:label1\" content=\"Est. reading time\" \/>\n\t<meta name=\"twitter:data1\" content=\"3 minutes\" \/>\n<script type=\"application\/ld+json\" class=\"yoast-schema-graph\">{\"@context\":\"https:\/\/schema.org\",\"@graph\":[{\"@type\":\"WebPage\",\"@id\":\"https:\/\/www.merkle-muenchen.de\/de\/schweissgeraete\/plasma-schneidanlagen\/\",\"url\":\"https:\/\/www.merkle-muenchen.de\/de\/schweissgeraete\/plasma-schneidanlagen\/\",\"name\":\"Plasma-Schneidger\u00e4t - Wilhelm Merkle Schwei\u00dftechnik GmbH: merkle-muenchen.de\",\"isPartOf\":{\"@id\":\"https:\/\/www.merkle-muenchen.de\/#website\"},\"datePublished\":\"2018-03-02T17:03:07+00:00\",\"dateModified\":\"2018-03-02T17:03:07+00:00\",\"description\":\"Plasma-Schneidger\u00e4t M\u00fcnchen finden vielf\u00e4ltige Einsatzm\u00f6glichkeiten in den Bereichen Stahlbau, Montage, Reparatur, Kfz- Sektor, etc.\",\"breadcrumb\":{\"@id\":\"https:\/\/www.merkle-muenchen.de\/de\/schweissgeraete\/plasma-schneidanlagen\/#breadcrumb\"},\"inLanguage\":\"ru-RU\",\"potentialAction\":[{\"@type\":\"ReadAction\",\"target\":[\"https:\/\/www.merkle-muenchen.de\/de\/schweissgeraete\/plasma-schneidanlagen\/\"]}]},{\"@type\":\"BreadcrumbList\",\"@id\":\"https:\/\/www.merkle-muenchen.de\/de\/schweissgeraete\/plasma-schneidanlagen\/#breadcrumb\",\"itemListElement\":[{\"@type\":\"ListItem\",\"position\":1,\"name\":\"Startseite\",\"item\":\"https:\/\/www.merkle-muenchen.de\/\"},{\"@type\":\"ListItem\",\"position\":2,\"name\":\"Schwei\u00dfger\u00e4te\",\"item\":\"https:\/\/www.merkle-muenchen.de\/schweissgeraete\/\"},{\"@type\":\"ListItem\",\"position\":3,\"name\":\"Plasma-Schneidger\u00e4t\"}]},{\"@type\":\"WebSite\",\"@id\":\"https:\/\/www.merkle-muenchen.de\/#website\",\"url\":\"https:\/\/www.merkle-muenchen.de\/\",\"name\":\"Wilhelm Merkle Schwei\u00dftechnik GmbH: merkle-muenchen.de\",\"description\":\"\",\"potentialAction\":[{\"@type\":\"SearchAction\",\"target\":{\"@type\":\"EntryPoint\",\"urlTemplate\":\"https:\/\/www.merkle-muenchen.de\/?s={search_term_string}\"},\"query-input\":\"required name=search_term_string\"}],\"inLanguage\":\"ru-RU\"}]}<\/script>\n<!-- \/ Yoast SEO plugin. -->","yoast_head_json":{"title":"Plasma-Schneidger\u00e4t - Wilhelm Merkle Schwei\u00dftechnik GmbH: merkle-muenchen.de","robots":{"index":"index","follow":"follow","max-snippet":"max-snippet:-1","max-image-preview":"max-image-preview:large","max-video-preview":"max-video-preview:-1"},"canonical":"https:\/\/www.merkle-muenchen.de\/de\/schweissgeraete\/plasma-schneidanlagen\/","og_locale":"ru_RU","og_type":"article","og_title":"Plasma-Schneidger\u00e4t - Wilhelm Merkle Schwei\u00dftechnik GmbH: merkle-muenchen.de","og_url":"https:\/\/www.merkle-muenchen.de\/de\/schweissgeraete\/plasma-schneidanlagen\/","og_site_name":"Wilhelm Merkle Schwei\u00dftechnik GmbH: merkle-muenchen.de","twitter_card":"summary_large_image","twitter_misc":{"Est. reading time":"3 minutes"},"schema":{"@context":"https:\/\/schema.org","@graph":[{"@type":"WebPage","@id":"https:\/\/www.merkle-muenchen.de\/de\/schweissgeraete\/plasma-schneidanlagen\/","url":"https:\/\/www.merkle-muenchen.de\/de\/schweissgeraete\/plasma-schneidanlagen\/","name":"Plasma-Schneidger\u00e4t - Wilhelm Merkle Schwei\u00dftechnik GmbH: merkle-muenchen.de","isPartOf":{"@id":"https:\/\/www.merkle-muenchen.de\/#website"},"datePublished":"2018-03-02T17:03:07+00:00","dateModified":"2018-03-02T17:03:07+00:00","description":"Plasma-Schneidger\u00e4t M\u00fcnchen finden vielf\u00e4ltige Einsatzm\u00f6glichkeiten in den Bereichen Stahlbau, Montage, Reparatur, Kfz- Sektor, etc.","breadcrumb":{"@id":"https:\/\/www.merkle-muenchen.de\/de\/schweissgeraete\/plasma-schneidanlagen\/#breadcrumb"},"inLanguage":"ru-RU","potentialAction":[{"@type":"ReadAction","target":["https:\/\/www.merkle-muenchen.de\/de\/schweissgeraete\/plasma-schneidanlagen\/"]}]},{"@type":"BreadcrumbList","@id":"https:\/\/www.merkle-muenchen.de\/de\/schweissgeraete\/plasma-schneidanlagen\/#breadcrumb","itemListElement":[{"@type":"ListItem","position":1,"name":"Startseite","item":"https:\/\/www.merkle-muenchen.de\/"},{"@type":"ListItem","position":2,"name":"Schwei\u00dfger\u00e4te","item":"https:\/\/www.merkle-muenchen.de\/schweissgeraete\/"},{"@type":"ListItem","position":3,"name":"Plasma-Schneidger\u00e4t"}]},{"@type":"WebSite","@id":"https:\/\/www.merkle-muenchen.de\/#website","url":"https:\/\/www.merkle-muenchen.de\/","name":"Wilhelm Merkle Schwei\u00dftechnik GmbH: merkle-muenchen.de","description":"","potentialAction":[{"@type":"SearchAction","target":{"@type":"EntryPoint","urlTemplate":"https:\/\/www.merkle-muenchen.de\/?s={search_term_string}"},"query-input":"required name=search_term_string"}],"inLanguage":"ru-RU"}]}},"_links":{"self":[{"href":"https:\/\/www.merkle-muenchen.de\/ru\/wp-json\/wp\/v2\/pages\/2134"}],"collection":[{"href":"https:\/\/www.merkle-muenchen.de\/ru\/wp-json\/wp\/v2\/pages"}],"about":[{"href":"https:\/\/www.merkle-muenchen.de\/ru\/wp-json\/wp\/v2\/types\/page"}],"author":[{"embeddable":true,"href":"https:\/\/www.merkle-muenchen.de\/ru\/wp-json\/wp\/v2\/users\/1"}],"replies":[{"embeddable":true,"href":"https:\/\/www.merkle-muenchen.de\/ru\/wp-json\/wp\/v2\/comments?post=2134"}],"version-history":[{"count":0,"href":"https:\/\/www.merkle-muenchen.de\/ru\/wp-json\/wp\/v2\/pages\/2134\/revisions"}],"up":[{"embeddable":true,"href":"https:\/\/www.merkle-muenchen.de\/ru\/wp-json\/wp\/v2\/pages\/1795"}],"wp:attachment":[{"href":"https:\/\/www.merkle-muenchen.de\/ru\/wp-json\/wp\/v2\/media?parent=2134"}],"curies":[{"name":"wp","href":"https:\/\/api.w.org\/{rel}","templated":true}]}}