{"id":2026,"date":"2018-02-20T11:44:57","date_gmt":"2018-02-20T10:44:57","guid":{"rendered":"https:\/\/merkle-muenchen.de\/?page_id=2026"},"modified":"2018-02-20T11:44:57","modified_gmt":"2018-02-20T10:44:57","slug":"elektroden-schweissanlagen","status":"publish","type":"page","link":"https:\/\/www.merkle-muenchen.de\/ru\/schweissgeraete\/elektroden-schweissanlagen\/","title":{"rendered":"Elektroden Schwei\u00dfger\u00e4t"},"content":{"rendered":"<p>[vc_row full_width=&#8221;stretch_row_content_no_spaces&#8221;][vc_column css=&#8221;.vc_custom_1516981756860{padding-right: 0px !important;padding-left: 0px !important;}&#8221;][vc_single_image image=&#8221;1932&#8243; img_size=&#8221;full&#8221; alignment=&#8221;center&#8221; el_class=&#8221;subhead-banner&#8221;][\/vc_column][\/vc_row][vc_row css=&#8221;.vc_custom_1529064788321{margin-bottom: 0px !important;}&#8221; el_class=&#8221;sidebar&#8221;][vc_column width=&#8221;2\/3&#8243;][vc_custom_heading text=&#8221;Elektrodenschwei\u00dfger\u00e4t&#8221; font_container=&#8221;tag:h1|text_align:left&#8221; use_theme_fonts=&#8221;yes&#8221;][vc_column_text]<\/p>\n<h5>Klein und leicht aber leistungsstark!<\/h5>\n<p>[\/vc_column_text][vc_row_inner css=&#8221;.vc_custom_1519124401712{margin-right: -5px !important;margin-bottom: 0px !important;margin-left: -5px !important;}&#8221;][vc_column_inner width=&#8221;1\/3&#8243; css=&#8221;.vc_custom_1516984095766{padding-right: 5px !important;padding-left: 5px !important;}&#8221;][vc_single_image image=&#8221;2307&#8243; img_size=&#8221;230&#215;145&#8243; alignment=&#8221;center&#8221; css=&#8221;.vc_custom_1528448937345{margin-bottom: 25px !important;}&#8221;][vc_column_text]<\/p>\n<h4>MobiARC<\/h4>\n<p>Volle Leistung bis 160 A Schwei\u00dfstrom![\/vc_column_text][\/vc_column_inner][vc_column_inner width=&#8221;1\/3&#8243; css=&#8221;.vc_custom_1516984101966{padding-right: 5px !important;padding-left: 5px !important;}&#8221;][vc_single_image image=&#8221;2308&#8243; img_size=&#8221;230&#215;145&#8243; alignment=&#8221;center&#8221; css=&#8221;.vc_custom_1528449042055{margin-bottom: 25px !important;}&#8221;][vc_column_text]<\/p>\n<h4>LiteArc 180<\/h4>\n<p>Kompakt, handlich, leistungsstark![\/vc_column_text][\/vc_column_inner][\/vc_row_inner][vc_column_text]<\/p>\n<h4>Die Vorteile unserer Elektroden-Schwei\u00dfger\u00e4te<\/h4>\n<p>[\/vc_column_text][vc_row_inner css=&#8221;.vc_custom_1519124401712{margin-right: -5px !important;margin-bottom: 0px !important;margin-left: -5px !important;}&#8221;][vc_column_inner width=&#8221;1\/3&#8243; css=&#8221;.vc_custom_1516984095766{padding-right: 5px !important;padding-left: 5px !important;}&#8221;][vc_single_image image=&#8221;2031&#8243; img_size=&#8221;230&#215;145&#8243; alignment=&#8221;center&#8221; css=&#8221;.vc_custom_1519125708027{margin-bottom: 25px !important;}&#8221;][vc_column_text]<\/p>\n<h4>Digitalanzeige f\u00fcr Schwei\u00dfstrom<\/h4>\n<p>Stufenlose Verstellung des Schwei\u00dfstroms bis 170 A (Elektrode), bzw. 180 A (TIG) mit digitaler Anzeige.[\/vc_column_text][\/vc_column_inner][vc_column_inner width=&#8221;1\/3&#8243; css=&#8221;.vc_custom_1516984101966{padding-right: 5px !important;padding-left: 5px !important;}&#8221;][vc_single_image image=&#8221;2033&#8243; img_size=&#8221;230&#215;145&#8243; alignment=&#8221;center&#8221; css=&#8221;.vc_custom_1519125713855{margin-bottom: 25px !important;}&#8221;][vc_column_text]<\/p>\n<h4>LiftTIG Z\u00fcndung<\/h4>\n<p>TIG\/(WIG)-Schwei\u00dfen bis 180 A mit LiftTIG-Z\u00fcndung.[\/vc_column_text][\/vc_column_inner][vc_column_inner width=&#8221;1\/3&#8243; css=&#8221;.vc_custom_1516984111142{padding-right: 5px !important;padding-left: 5px !important;}&#8221;][vc_single_image image=&#8221;2034&#8243; img_size=&#8221;230&#215;145&#8243; alignment=&#8221;center&#8221; css=&#8221;.vc_custom_1519125718921{margin-bottom: 25px !important;}&#8221;][vc_column_text]<\/p>\n<h4>Stabil, robust und schlagfest<\/h4>\n<p>Das neue Metall-\/ Kunststoffgeh\u00e4use.[\/vc_column_text][\/vc_column_inner][\/vc_row_inner][vc_row_inner css=&#8221;.vc_custom_1516984220764{margin-right: -5px !important;margin-left: -5px !important;}&#8221;][vc_column_inner width=&#8221;1\/3&#8243; css=&#8221;.vc_custom_1516984095766{padding-right: 5px !important;padding-left: 5px !important;}&#8221;][vc_single_image image=&#8221;2035&#8243; img_size=&#8221;230&#215;145&#8243; alignment=&#8221;center&#8221; css=&#8221;.vc_custom_1519125724700{margin-bottom: 25px !important;}&#8221;][vc_column_text]<\/p>\n<h4>Optimales Handling<\/h4>\n<p>Maximale Mobilit\u00e4t durch verstell\u00adbaren Trage- und Schultergurt. Klein, leicht, handlich, tragbar, nur 5,0 kg.[\/vc_column_text][\/vc_column_inner][vc_column_inner width=&#8221;1\/3&#8243; css=&#8221;.vc_custom_1516984101966{padding-right: 5px !important;padding-left: 5px !important;}&#8221;][vc_single_image image=&#8221;2036&#8243; img_size=&#8221;230&#215;145&#8243; alignment=&#8221;center&#8221; css=&#8221;.vc_custom_1519125729908{margin-bottom: 25px !important;}&#8221;][vc_column_text]<\/p>\n<h4>Profi-Anschl\u00fcsse<\/h4>\n<p>Gro\u00dfe Profianschl\u00fcsse f\u00fcr Einsatz des Merkle Standard-Zubeh\u00f6rs.[\/vc_column_text][\/vc_column_inner][vc_column_inner width=&#8221;1\/3&#8243; css=&#8221;.vc_custom_1516984111142{padding-right: 5px !important;padding-left: 5px !important;}&#8221;][vc_single_image image=&#8221;2037&#8243; img_size=&#8221;230&#215;145&#8243; alignment=&#8221;center&#8221; css=&#8221;.vc_custom_1519125734301{margin-bottom: 25px !important;}&#8221;][vc_column_text]<\/p>\n<h4>Weitreichender Einsatz<\/h4>\n<p>Extra langes Anschlusskabel: 5 m lang.[\/vc_column_text][\/vc_column_inner][\/vc_row_inner][\/vc_column][vc_column width=&#8221;1\/3&#8243; el_class=&#8221;subpage-sidebar&#8221;][vc_column_text el_class=&#8221;katalogueIcon&#8221;]<div class=\"widget_text widget-content katalogWidget\"><div class=\"textwidget custom-html-widget\"><div class=\"vc_empty_space  vc_custom_1532936281309\" style=\"height: 200px; background-image: url(https:\/\/merkle-muenchen.de\/wp-content\/uploads\/verkauf.jpg?id=2821) !important;\"><span class=\"vc_empty_space_inner\"><\/span><\/div><div class=\"wpb_text_column wpb_content_element \">\r\n\t\t<div class=\"wpb_wrapper\">\r\n\t\t\t<h4>Verkaufsteam<\/h4>\r\n<table>\r\n<tbody>\r\n<tr class=\"odd\">\r\n<td>Telefon:<\/td>\r\n<td>+49 89 8977170<\/td>\r\n<\/tr>\r\n<tr class=\"even\">\r\n<td>E-Mail:<\/td>\r\n<td>verkauf@merkle-muenchen.de<\/td>\r\n<\/tr>\r\n<\/tbody>\r\n<\/table>\r\n\t\t<\/div>\r\n\t<\/div><\/div><\/div><div class=\"widget_text widget-content katalogWidget\"><div class=\"textwidget custom-html-widget\"><ul class=\"advantages\"><li><span class=\"support-serv\">24h Notdienst<\/span><\/li><li><span class=\"transport\">Lieferservice<\/span><\/li><li><span class=\"clock\">Lange \u00d6ffnungszeiten<\/span><\/li><li><span class=\"financing\">Finanzierung<\/span><\/li><li><span class=\"hotline-service\">Schwei\u00dfkurse<\/span><\/li><\/ul><\/div><\/div><div class=\"widget_text widget-content katalogWidget\"><div class=\"textwidget custom-html-widget\"><h4 class=\"brochureTitle\"><i class=\"fas fa-file-pdf\"><\/i>Brosch\u00fcren zum Download<\/h4><span class=\"button\"><a title=\"Startseite\" href=\"https:\/\/merkle-muenchen.de\/wp-content\/uploads\/merkle_pro_mobiarc160.pdf\" target=\"_blank\" rel=\"noopener\">MobiARC 160\/164 mobil<\/a><\/span>\r\n<span class=\"button\"><a title=\"Startseite\" href=\"https:\/\/merkle-muenchen.de\/wp-content\/uploads\/merkle_mobiarc_284cel.pdf\" v>MobiARC 284cel<\/a><\/span>\r\n<span class=\"button\"><a title=\"Startseite\" href=\"https:\/\/merkle-muenchen.de\/wp-content\/uploads\/merkle_litearc180.pdf\" v>LiteARC 180<\/a><\/span><\/div><\/div><div class=\"widget_text widget-content katalogWidget\"><div class=\"textwidget custom-html-widget\"><h4 class=\"brochureTitle\"><i class=\"fas fa-file-pdf\"><\/i>Brosch\u00fcren zum Download<\/h4><span class=\"button\"><a title=\"Startseite\" href=\"https:\/\/merkle-muenchen.de\/wp-content\/uploads\/merkle_redmig.pdf\" target=\"_blank\" rel=\"noopener\">RedMIG-Brosch\u00fcre<\/a><\/span>\r\n<span class=\"button\"><a title=\"Startseite\" href=\"https:\/\/merkle-muenchen.de\/wp-content\/uploads\/merkle_compactmic.pdf\" target=\"_blank\" rel=\"noopener\">CompactMIG-Brosch\u00fcre<\/a><\/span>\r\n<span class=\"button\"><a title=\"Startseite\" href=\"https:\/\/merkle-muenchen.de\/wp-content\/uploads\/merkle_optimig.pdf\" target=\"_blank\" rel=\"noopener\">OptiMIG-Brosch\u00fcre<\/a><\/span>\r\n<span class=\"button\"><a title=\"Startseite\" href=\"https:\/\/merkle-muenchen.de\/wp-content\/uploads\/merkle_mobimig.pdf\" target=\"_blank\" rel=\"noopener\">MobiMIG-Brosch\u00fcre<\/a><\/span>\r\n<span class=\"button\"><a title=\"Startseite\" href=\"https:\/\/merkle-muenchen.de\/wp-content\/uploads\/merkle_speedmig.pdf\" target=\"_blank\" rel=\"noopener\">SpeedMIG-Brosch\u00fcre<\/a><\/span><\/div><\/div><div class=\"widget_text widget-content katalogWidget\"><div class=\"textwidget custom-html-widget\"><h4 class=\"brochureTitle\"><i class=\"fas fa-file-pdf\"><\/i>Brosch\u00fcren zum Download<\/h4><span class=\"button\"><a title=\"Startseite\" href=\"https:\/\/merkle-muenchen.de\/wp-content\/uploads\/mekle_plasma_schneideanlagen.pdf\" target=\"_blank\" rel=\"noopener\">Plasma Schneidanlagen<\/a><\/span><\/div><\/div><div class=\"widget_text widget-content katalogWidget\"><div class=\"textwidget custom-html-widget\"><h4 class=\"brochureTitle\"><i class=\"fas fa-file-pdf\"><\/i>Brosch\u00fcren zum Download<\/h4><span class=\"button\"><a title=\"Startseite\" href=\"https:\/\/merkle-muenchen.de\/wp-content\/uploads\/mekle_plasma_schneideanlagen.pdf\" target=\"_blank\" rel=\"noopener\">Plasma Schneidanlagen<\/a><\/span><\/div><\/div><div class=\"widget_text widget-content katalogWidget\"><div class=\"textwidget custom-html-widget\"><h4 class=\"brochureTitle\"><i class=\"fas fa-file-pdf\"><\/i>Brosch\u00fcren zum Download<\/h4><span class=\"button\"><a title=\"Startseite\" href=\"https:\/\/merkle-muenchen.de\/wp-content\/uploads\/merkle_mobitig.pdf\/\" target=\"_blank\" rel=\"noopener\">LiteTIG\/MobiTIG-Brosch\u00fcre<\/a><\/span>\r\n<span class=\"button\"><a title=\"Startseite\" href=\"https:\/\/merkle-muenchen.de\/wp-content\/uploads\/merkle_mobitig_180_ac_dc.pdf\" target=\"_blank\" rel=\"noopener\">MobiTIG 180 AC\/DC-Brosch\u00fcre<\/a><\/span>\r\n<span class=\"button\"><a title=\"Startseite\" href=\"https:\/\/merkle-muenchen.de\/wp-content\/uploads\/merkle_logitig.pdf\" target=\"_blank\" rel=\"noopener\">LogiTIG-Brosch\u00fcre<\/a><\/span>\r\n<span class=\"button\"><a title=\"Startseite\" href=\"https:\/\/merkle-muenchen.de\/wp-content\/uploads\/merkle_pro_insquare.pdf\" target=\"_blank\" rel=\"noopener\">Insquare-Brosch\u00fcre<\/a><\/span><\/div><\/div><div class=\"widget_text widget-content katalogWidget\"><h4 class=\"widget-title catalogIco\">Katalog als PDF<\/h4><div class=\"textwidget custom-html-widget\"><span class=\"katalogPOPUP button\">  <a title=\"Katalog \u00f6ffnen\" href=\"\/Merkle_Produkt_Katalog.pdf\" target=\"_blank\" rel=\"noopener\">Katalog \u00f6ffnen<\/a><\/span><\/div><\/div><div class=\"widget-content katalogWidget\"><h4 class=\"widget-title catalogIco\">Kontaktformular<\/h4><script type='text\/javascript' src='https:\/\/www.merkle-muenchen.de\/wp-includes\/js\/dist\/vendor\/regenerator-runtime.min.js?ver=0.13.9' id='regenerator-runtime-js'><\/script>\n<script type='text\/javascript' src='https:\/\/www.merkle-muenchen.de\/wp-includes\/js\/dist\/vendor\/wp-polyfill.min.js?ver=3.15.0' id='wp-polyfill-js'><\/script>\n<script type='text\/javascript' src='https:\/\/www.merkle-muenchen.de\/wp-includes\/js\/dist\/dom-ready.min.js?ver=392bdd43726760d1f3ca' id='wp-dom-ready-js'><\/script>\n<script type='text\/javascript' src='https:\/\/www.merkle-muenchen.de\/wp-includes\/js\/dist\/hooks.min.js?ver=4169d3cf8e8d95a3d6d5' id='wp-hooks-js'><\/script>\n<script type='text\/javascript' src='https:\/\/www.merkle-muenchen.de\/wp-includes\/js\/dist\/i18n.min.js?ver=9e794f35a71bb98672ae' id='wp-i18n-js'><\/script>\n<script type='text\/javascript' id='wp-i18n-js-after'>\nwp.i18n.setLocaleData( { 'text direction\\u0004ltr': [ 'ltr' ] } );\n<\/script>\n<script type='text\/javascript' src='https:\/\/www.merkle-muenchen.de\/wp-includes\/js\/dist\/a11y.min.js?ver=ecce20f002eda4c19664' id='wp-a11y-js'><\/script>\n<script type='text\/javascript' defer='defer' src='https:\/\/www.merkle-muenchen.de\/wp-content\/plugins\/gravityforms\/js\/jquery.json.min.js?ver=2.10.0' id='gform_json-js'><\/script>\n<script type='text\/javascript' id='gform_gravityforms-js-extra'>\n\/* <![CDATA[ *\/\nvar gf_global = {\"gf_currency_config\":{\"name\":\"Euro\",\"symbol_left\":\"\",\"symbol_right\":\"&#8364;\",\"symbol_padding\":\" \",\"thousand_separator\":\".\",\"decimal_separator\":\",\",\"decimals\":2,\"code\":\"EUR\"},\"base_url\":\"https:\\\/\\\/www.merkle-muenchen.de\\\/wp-content\\\/plugins\\\/gravityforms\",\"number_formats\":[],\"spinnerUrl\":\"https:\\\/\\\/www.merkle-muenchen.de\\\/wp-content\\\/plugins\\\/gravityforms\\\/images\\\/spinner.svg\",\"version_hash\":\"38c87dad39ac5e534ea3dc704f010115\",\"strings\":{\"newRowAdded\":\"New row added.\",\"rowRemoved\":\"Row removed\",\"formSaved\":\"The form has been saved.  The content contains the link to return and complete the form.\"}};\n\/* ]]> *\/\n<\/script>\n<script type='text\/javascript' defer='defer' src='https:\/\/www.merkle-muenchen.de\/wp-content\/plugins\/gravityforms\/js\/gravityforms.min.js?ver=2.10.0' id='gform_gravityforms-js'><\/script>\n<p class=\"gform_not_found\">Oops! We could not locate your form.<\/p><\/div><div class=\"widget_text widget-content katalogWidget\"><h4 class=\"widget-title catalogIco\">Merkle-Shop<\/h4><div class=\"textwidget custom-html-widget\"><span class=\"button\"><a class=\"popup-shop\" href=\"#\">Zum Merkle Online-Shop<\/a><\/span><\/div><\/div>[\/vc_column_text][\/vc_column][\/vc_row]<\/p>\n","protected":false},"excerpt":{"rendered":"<p>[vc_row full_width=&#8221;stretch_row_content_no_spaces&#8221;][vc_column css=&#8221;.vc_custom_1516981756860{padding-right: 0px !important;padding-left: 0px !important;}&#8221;][vc_single_image image=&#8221;1932&#8243; img_size=&#8221;full&#8221; alignment=&#8221;center&#8221; el_class=&#8221;subhead-banner&#8221;][\/vc_column][\/vc_row][vc_row css=&#8221;.vc_custom_1529064788321{margin-bottom: 0px !important;}&#8221; el_class=&#8221;sidebar&#8221;][vc_column width=&#8221;2\/3&#8243;][vc_custom_heading text=&#8221;Elektrodenschwei\u00dfger\u00e4t&#8221; font_container=&#8221;tag:h1|text_align:left&#8221; use_theme_fonts=&#8221;yes&#8221;][vc_column_text] Klein und leicht aber leistungsstark! [\/vc_column_text][vc_row_inner css=&#8221;.vc_custom_1519124401712{margin-right: -5px !important;margin-bottom: 0px !important;margin-left: -5px !important;}&#8221;][vc_column_inner width=&#8221;1\/3&#8243; css=&#8221;.vc_custom_1516984095766{padding-right: 5px !important;padding-left: 5px !important;}&#8221;][vc_single_image image=&#8221;2307&#8243; img_size=&#8221;230&#215;145&#8243; alignment=&#8221;center&#8221; css=&#8221;.vc_custom_1528448937345{margin-bottom: 25px !important;}&#8221;][vc_column_text] MobiARC Volle Leistung bis 160 A Schwei\u00dfstrom![\/vc_column_text][\/vc_column_inner][vc_column_inner width=&#8221;1\/3&#8243; css=&#8221;.vc_custom_1516984101966{padding-right: 5px !important;padding-left: [&hellip;]<\/p>\n","protected":false},"author":1,"featured_media":0,"parent":1795,"menu_order":0,"comment_status":"closed","ping_status":"closed","template":"","meta":[],"translation":{"provider":"WPGlobus","version":"3.0.1","language":"ru","enabled_languages":["en","es","de","fr","ru"],"languages":{"en":{"title":true,"content":true,"excerpt":false},"es":{"title":false,"content":false,"excerpt":false},"de":{"title":false,"content":false,"excerpt":false},"fr":{"title":false,"content":false,"excerpt":false},"ru":{"title":false,"content":false,"excerpt":false}}},"acf":[],"yoast_head":"<!-- This site is optimized with the Yoast SEO plugin v21.1 - https:\/\/yoast.com\/wordpress\/plugins\/seo\/ -->\n<title>Elektrodenschwei\u00dfger\u00e4t M\u00fcnchen | Merkle Schwei\u00dftechnik GmbH<\/title>\n<meta name=\"robots\" content=\"index, follow, max-snippet:-1, max-image-preview:large, max-video-preview:-1\" \/>\n<link rel=\"canonical\" href=\"https:\/\/www.merkle-muenchen.de\/schweissgeraete\/elektroden-schweissanlagen\/\" \/>\n<meta property=\"og:locale\" content=\"ru_RU\" \/>\n<meta property=\"og:type\" content=\"article\" \/>\n<meta property=\"og:title\" content=\"Elektroden Schwei\u00dfger\u00e4t - Wilhelm Merkle Schwei\u00dftechnik GmbH: merkle-muenchen.de\" \/>\n<meta property=\"og:url\" content=\"https:\/\/www.merkle-muenchen.de\/schweissgeraete\/elektroden-schweissanlagen\/\" \/>\n<meta property=\"og:site_name\" content=\"Wilhelm Merkle Schwei\u00dftechnik GmbH: merkle-muenchen.de\" \/>\n<meta name=\"twitter:card\" content=\"summary_large_image\" \/>\n<meta name=\"twitter:label1\" content=\"Est. reading time\" \/>\n\t<meta name=\"twitter:data1\" content=\"3 minutes\" \/>\n<script type=\"application\/ld+json\" class=\"yoast-schema-graph\">{\"@context\":\"https:\/\/schema.org\",\"@graph\":[{\"@type\":\"WebPage\",\"@id\":\"https:\/\/www.merkle-muenchen.de\/schweissgeraete\/elektroden-schweissanlagen\/\",\"url\":\"https:\/\/www.merkle-muenchen.de\/schweissgeraete\/elektroden-schweissanlagen\/\",\"name\":\"Elektrodenschwei\u00dfger\u00e4t M\u00fcnchen | Merkle Schwei\u00dftechnik GmbH\",\"isPartOf\":{\"@id\":\"https:\/\/www.merkle-muenchen.de\/#website\"},\"datePublished\":\"2018-02-20T10:44:57+00:00\",\"dateModified\":\"2018-02-20T10:44:57+00:00\",\"description\":\"Elektrodenschwei\u00dfger\u00e4t M\u00fcnchen ganz nach dem Motto klein und leicht aber leistungsstark! MobiArc und LiteArc bei uns auf Lager!\",\"breadcrumb\":{\"@id\":\"https:\/\/www.merkle-muenchen.de\/schweissgeraete\/elektroden-schweissanlagen\/#breadcrumb\"},\"inLanguage\":\"ru-RU\",\"potentialAction\":[{\"@type\":\"ReadAction\",\"target\":[\"https:\/\/www.merkle-muenchen.de\/schweissgeraete\/elektroden-schweissanlagen\/\"]}]},{\"@type\":\"BreadcrumbList\",\"@id\":\"https:\/\/www.merkle-muenchen.de\/schweissgeraete\/elektroden-schweissanlagen\/#breadcrumb\",\"itemListElement\":[{\"@type\":\"ListItem\",\"position\":1,\"name\":\"Startseite\",\"item\":\"https:\/\/www.merkle-muenchen.de\/\"},{\"@type\":\"ListItem\",\"position\":2,\"name\":\"Schwei\u00dfger\u00e4te\",\"item\":\"https:\/\/www.merkle-muenchen.de\/schweissgeraete\/\"},{\"@type\":\"ListItem\",\"position\":3,\"name\":\"Elektroden Schwei\u00dfger\u00e4t\"}]},{\"@type\":\"WebSite\",\"@id\":\"https:\/\/www.merkle-muenchen.de\/#website\",\"url\":\"https:\/\/www.merkle-muenchen.de\/\",\"name\":\"Wilhelm Merkle Schwei\u00dftechnik GmbH: merkle-muenchen.de\",\"description\":\"\",\"potentialAction\":[{\"@type\":\"SearchAction\",\"target\":{\"@type\":\"EntryPoint\",\"urlTemplate\":\"https:\/\/www.merkle-muenchen.de\/?s={search_term_string}\"},\"query-input\":\"required name=search_term_string\"}],\"inLanguage\":\"ru-RU\"}]}<\/script>\n<!-- \/ Yoast SEO plugin. -->","yoast_head_json":{"title":"Elektrodenschwei\u00dfger\u00e4t M\u00fcnchen | Merkle Schwei\u00dftechnik GmbH","robots":{"index":"index","follow":"follow","max-snippet":"max-snippet:-1","max-image-preview":"max-image-preview:large","max-video-preview":"max-video-preview:-1"},"canonical":"https:\/\/www.merkle-muenchen.de\/schweissgeraete\/elektroden-schweissanlagen\/","og_locale":"ru_RU","og_type":"article","og_title":"Elektroden Schwei\u00dfger\u00e4t - Wilhelm Merkle Schwei\u00dftechnik GmbH: merkle-muenchen.de","og_url":"https:\/\/www.merkle-muenchen.de\/schweissgeraete\/elektroden-schweissanlagen\/","og_site_name":"Wilhelm Merkle Schwei\u00dftechnik GmbH: merkle-muenchen.de","twitter_card":"summary_large_image","twitter_misc":{"Est. reading time":"3 minutes"},"schema":{"@context":"https:\/\/schema.org","@graph":[{"@type":"WebPage","@id":"https:\/\/www.merkle-muenchen.de\/schweissgeraete\/elektroden-schweissanlagen\/","url":"https:\/\/www.merkle-muenchen.de\/schweissgeraete\/elektroden-schweissanlagen\/","name":"Elektrodenschwei\u00dfger\u00e4t M\u00fcnchen | Merkle Schwei\u00dftechnik GmbH","isPartOf":{"@id":"https:\/\/www.merkle-muenchen.de\/#website"},"datePublished":"2018-02-20T10:44:57+00:00","dateModified":"2018-02-20T10:44:57+00:00","description":"Elektrodenschwei\u00dfger\u00e4t M\u00fcnchen ganz nach dem Motto klein und leicht aber leistungsstark! MobiArc und LiteArc bei uns auf Lager!","breadcrumb":{"@id":"https:\/\/www.merkle-muenchen.de\/schweissgeraete\/elektroden-schweissanlagen\/#breadcrumb"},"inLanguage":"ru-RU","potentialAction":[{"@type":"ReadAction","target":["https:\/\/www.merkle-muenchen.de\/schweissgeraete\/elektroden-schweissanlagen\/"]}]},{"@type":"BreadcrumbList","@id":"https:\/\/www.merkle-muenchen.de\/schweissgeraete\/elektroden-schweissanlagen\/#breadcrumb","itemListElement":[{"@type":"ListItem","position":1,"name":"Startseite","item":"https:\/\/www.merkle-muenchen.de\/"},{"@type":"ListItem","position":2,"name":"Schwei\u00dfger\u00e4te","item":"https:\/\/www.merkle-muenchen.de\/schweissgeraete\/"},{"@type":"ListItem","position":3,"name":"Elektroden Schwei\u00dfger\u00e4t"}]},{"@type":"WebSite","@id":"https:\/\/www.merkle-muenchen.de\/#website","url":"https:\/\/www.merkle-muenchen.de\/","name":"Wilhelm Merkle Schwei\u00dftechnik GmbH: merkle-muenchen.de","description":"","potentialAction":[{"@type":"SearchAction","target":{"@type":"EntryPoint","urlTemplate":"https:\/\/www.merkle-muenchen.de\/?s={search_term_string}"},"query-input":"required name=search_term_string"}],"inLanguage":"ru-RU"}]}},"_links":{"self":[{"href":"https:\/\/www.merkle-muenchen.de\/ru\/wp-json\/wp\/v2\/pages\/2026"}],"collection":[{"href":"https:\/\/www.merkle-muenchen.de\/ru\/wp-json\/wp\/v2\/pages"}],"about":[{"href":"https:\/\/www.merkle-muenchen.de\/ru\/wp-json\/wp\/v2\/types\/page"}],"author":[{"embeddable":true,"href":"https:\/\/www.merkle-muenchen.de\/ru\/wp-json\/wp\/v2\/users\/1"}],"replies":[{"embeddable":true,"href":"https:\/\/www.merkle-muenchen.de\/ru\/wp-json\/wp\/v2\/comments?post=2026"}],"version-history":[{"count":0,"href":"https:\/\/www.merkle-muenchen.de\/ru\/wp-json\/wp\/v2\/pages\/2026\/revisions"}],"up":[{"embeddable":true,"href":"https:\/\/www.merkle-muenchen.de\/ru\/wp-json\/wp\/v2\/pages\/1795"}],"wp:attachment":[{"href":"https:\/\/www.merkle-muenchen.de\/ru\/wp-json\/wp\/v2\/media?parent=2026"}],"curies":[{"name":"wp","href":"https:\/\/api.w.org\/{rel}","templated":true}]}}